{"id":4478,"date":"2024-01-30T00:00:00","date_gmt":"2024-01-30T22:44:54","guid":{"rendered":"https:\/\/juventudes.mx\/reportes\/las-desigualdades-matan\/"},"modified":"2024-02-16T15:00:57","modified_gmt":"2024-02-16T21:00:57","slug":"las-desigualdades-matan","status":"publish","type":"reportes","link":"https:\/\/juventudes.mx\/en\/reportes\/las-desigualdades-matan\/","title":{"rendered":"Inequalities kill"},"content":{"rendered":"<p>En el documento, Oxfam International asegura que el mundo podr\u00eda tener a su primer billonario en d\u00f3lares en menos de una d\u00e9cada, pero para erradicar la pobreza se necesitar\u00edan m\u00e1s de 200 a\u00f1os. Esa persona acumular\u00eda uno de cada 630 d\u00f3lares de riqueza en el mundo y tendr\u00eda el mismo valor que la potencia petrolera Arabia Saudita. Advierte que la brecha social mundial se ha super ampliado desde la epidemia del coronavirus, con el crecimiento de las fortunas y el empobrecimiento de 5 mil millones de personas<\/p>","protected":false},"author":27,"featured_media":4483,"template":"","meta":{"inline_featured_image":false,"imagen_principal_b":"http:\/\/juventudes.mx\/wp-content\/uploads\/jet-engine-forms\/27\/2024\/01\/FOTO-OXFAM-inequality-kills-1.jpg"},"categories":[43],"tags":[],"class_list":["post-4478","reportes","type-reportes","status-publish","has-post-thumbnail","hentry","category-desigualdad-y-discriminacion"],"_links":{"self":[{"href":"https:\/\/juventudes.mx\/en\/wp-json\/wp\/v2\/reportes\/4478","targetHints":{"allow":["GET"]}}],"collection":[{"href":"https:\/\/juventudes.mx\/en\/wp-json\/wp\/v2\/reportes"}],"about":[{"href":"https:\/\/juventudes.mx\/en\/wp-json\/wp\/v2\/types\/reportes"}],"author":[{"embeddable":true,"href":"https:\/\/juventudes.mx\/en\/wp-json\/wp\/v2\/users\/27"}],"wp:featuredmedia":[{"embeddable":true,"href":"https:\/\/juventudes.mx\/en\/wp-json\/wp\/v2\/media\/4483"}],"wp:attachment":[{"href":"https:\/\/juventudes.mx\/en\/wp-json\/wp\/v2\/media?parent=4478"}],"wp:term":[{"taxonomy":"category","embeddable":true,"href":"https:\/\/juventudes.mx\/en\/wp-json\/wp\/v2\/categories?post=4478"},{"taxonomy":"post_tag","embeddable":true,"href":"https:\/\/juventudes.mx\/en\/wp-json\/wp\/v2\/tags?post=4478"}],"curies":[{"name":"wp","href":"https:\/\/api.w.org\/{rel}","templated":true}]}}